{"id":683,"date":"2025-03-13T12:40:55","date_gmt":"2025-03-13T12:40:55","guid":{"rendered":"https:\/\/reikas-tanz.de\/?page_id=683"},"modified":"2025-09-02T14:00:59","modified_gmt":"2025-09-02T14:00:59","slug":"jahresrueckblick-2024","status":"publish","type":"page","link":"https:\/\/reikas-tanz.de\/en\/auf-startseite-angezeigt\/jahresrueckblick-2024\/","title":{"rendered":"Jahresr\u00fcckblick 2024"},"content":{"rendered":"<div style=\"height:100px\" aria-hidden=\"true\" class=\"wp-block-spacer\"><\/div>\n\n\n\n<div class=\"wp-block-columns is-layout-flex wp-container-core-columns-is-layout-28f84493 wp-block-columns-is-layout-flex\">\n<div class=\"wp-block-column is-layout-flow wp-block-column-is-layout-flow\">\n<p><strong>Das Jahr 2024 ist vorbei &#8211; und es war so sch\u00f6n mit euch!<\/strong><\/p>\n\n\n\n<p>Wir schwelgen noch ein bisschen in Erinnerung, w\u00e4hrend wir gl\u00fccklich dem kommenden Jahr entgegenblicken .<br>Wir haben ein paar Fotos vom&nbsp;<a href=\"https:\/\/www.instagram.com\/festivalmediaval\/\">@festivalmediaval<\/a>&nbsp;im letzten September gefunden &#8211; wie gefallen sie euch?<\/p>\n\n\n\n<p>\ud83d\udcf8&nbsp;<a href=\"https:\/\/www.instagram.com\/tribbrock\/\">@tribbrock<\/a>&nbsp;von&nbsp;<a href=\"https:\/\/www.instagram.com\/celtcast\/\">@celtcast<\/a>&nbsp;&#8211; Danke! Die lieben Menschen von CeltCast sind auf den sch\u00f6nsten Folkfestivals und -veranstaltungen in Europa unterwegs und stellen u.a. neue und alte Bands der Szene vor, verleihen Folk- und Fantasyawards, &#8230;<br>Wir sind gro\u00dfe Fans! Folgt ihnen unbedingt f\u00fcr ganz viel Musikinspiration.<\/p>\n\n\n\n<p>\ud83d\udcf8\u00a0#7\u00a0ist von Oliver Richter &#8211; er f\u00e4ngt mit seiner Kamera jedes Jahr die Atmosph\u00e4re und die wunderbaren Menschen auf dem Mediaval ein, auch hierf\u00fcr Danke!<\/p>\n<\/div>\n\n\n\n<div class=\"wp-block-column is-layout-flow wp-block-column-is-layout-flow\">\n<figure class=\"wp-block-image size-large\"><img loading=\"lazy\" decoding=\"async\" width=\"1024\" height=\"1024\" src=\"https:\/\/reikas-tanz.de\/wp-content\/uploads\/2025\/02\/Jahresrueckblick2024-1-1024x1024.jpg\" alt=\"\" class=\"wp-image-685\" srcset=\"https:\/\/reikas-tanz.de\/wp-content\/uploads\/2025\/02\/Jahresrueckblick2024-1-1024x1024.jpg 1024w, https:\/\/reikas-tanz.de\/wp-content\/uploads\/2025\/02\/Jahresrueckblick2024-1-300x300.jpg 300w, https:\/\/reikas-tanz.de\/wp-content\/uploads\/2025\/02\/Jahresrueckblick2024-1-150x150.jpg 150w, https:\/\/reikas-tanz.de\/wp-content\/uploads\/2025\/02\/Jahresrueckblick2024-1-768x768.jpg 768w, https:\/\/reikas-tanz.de\/wp-content\/uploads\/2025\/02\/Jahresrueckblick2024-1-24x24.jpg 24w, https:\/\/reikas-tanz.de\/wp-content\/uploads\/2025\/02\/Jahresrueckblick2024-1-36x36.jpg 36w, https:\/\/reikas-tanz.de\/wp-content\/uploads\/2025\/02\/Jahresrueckblick2024-1-48x48.jpg 48w, https:\/\/reikas-tanz.de\/wp-content\/uploads\/2025\/02\/Jahresrueckblick2024-1.jpg 1440w\" sizes=\"auto, (max-width: 1024px) 100vw, 1024px\" \/><\/figure>\n<\/div>\n<\/div>\n\n\n\n<figure class=\"wp-block-gallery has-nested-images columns-3 is-cropped wp-block-gallery-1 is-layout-flex wp-block-gallery-is-layout-flex\">\n<figure class=\"wp-block-image size-large\"><img loading=\"lazy\" decoding=\"async\" width=\"1024\" height=\"1024\" data-id=\"686\" src=\"https:\/\/reikas-tanz.de\/wp-content\/uploads\/2025\/02\/Jahresrueckblick2024-2-1024x1024.jpg\" alt=\"\" class=\"wp-image-686\" srcset=\"https:\/\/reikas-tanz.de\/wp-content\/uploads\/2025\/02\/Jahresrueckblick2024-2-1024x1024.jpg 1024w, https:\/\/reikas-tanz.de\/wp-content\/uploads\/2025\/02\/Jahresrueckblick2024-2-300x300.jpg 300w, https:\/\/reikas-tanz.de\/wp-content\/uploads\/2025\/02\/Jahresrueckblick2024-2-150x150.jpg 150w, https:\/\/reikas-tanz.de\/wp-content\/uploads\/2025\/02\/Jahresrueckblick2024-2-768x768.jpg 768w, https:\/\/reikas-tanz.de\/wp-content\/uploads\/2025\/02\/Jahresrueckblick2024-2-24x24.jpg 24w, https:\/\/reikas-tanz.de\/wp-content\/uploads\/2025\/02\/Jahresrueckblick2024-2-36x36.jpg 36w, https:\/\/reikas-tanz.de\/wp-content\/uploads\/2025\/02\/Jahresrueckblick2024-2-48x48.jpg 48w, https:\/\/reikas-tanz.de\/wp-content\/uploads\/2025\/02\/Jahresrueckblick2024-2.jpg 1440w\" sizes=\"auto, (max-width: 1024px) 100vw, 1024px\" \/><\/figure>\n\n\n\n<figure class=\"wp-block-image size-large\"><img loading=\"lazy\" decoding=\"async\" width=\"1024\" height=\"1024\" data-id=\"687\" src=\"https:\/\/reikas-tanz.de\/wp-content\/uploads\/2025\/02\/Jahresrueckblick2024-3-1024x1024.jpg\" alt=\"\" class=\"wp-image-687\" srcset=\"https:\/\/reikas-tanz.de\/wp-content\/uploads\/2025\/02\/Jahresrueckblick2024-3-1024x1024.jpg 1024w, https:\/\/reikas-tanz.de\/wp-content\/uploads\/2025\/02\/Jahresrueckblick2024-3-300x300.jpg 300w, https:\/\/reikas-tanz.de\/wp-content\/uploads\/2025\/02\/Jahresrueckblick2024-3-150x150.jpg 150w, https:\/\/reikas-tanz.de\/wp-content\/uploads\/2025\/02\/Jahresrueckblick2024-3-768x768.jpg 768w, https:\/\/reikas-tanz.de\/wp-content\/uploads\/2025\/02\/Jahresrueckblick2024-3-24x24.jpg 24w, https:\/\/reikas-tanz.de\/wp-content\/uploads\/2025\/02\/Jahresrueckblick2024-3-36x36.jpg 36w, https:\/\/reikas-tanz.de\/wp-content\/uploads\/2025\/02\/Jahresrueckblick2024-3-48x48.jpg 48w, https:\/\/reikas-tanz.de\/wp-content\/uploads\/2025\/02\/Jahresrueckblick2024-3.jpg 1440w\" sizes=\"auto, (max-width: 1024px) 100vw, 1024px\" \/><\/figure>\n\n\n\n<figure class=\"wp-block-image size-large\"><img loading=\"lazy\" decoding=\"async\" width=\"1024\" height=\"1024\" data-id=\"688\" src=\"https:\/\/reikas-tanz.de\/wp-content\/uploads\/2025\/02\/Jahresrueckblick2024-4-1024x1024.jpg\" alt=\"\" class=\"wp-image-688\" srcset=\"https:\/\/reikas-tanz.de\/wp-content\/uploads\/2025\/02\/Jahresrueckblick2024-4-1024x1024.jpg 1024w, https:\/\/reikas-tanz.de\/wp-content\/uploads\/2025\/02\/Jahresrueckblick2024-4-300x300.jpg 300w, https:\/\/reikas-tanz.de\/wp-content\/uploads\/2025\/02\/Jahresrueckblick2024-4-150x150.jpg 150w, https:\/\/reikas-tanz.de\/wp-content\/uploads\/2025\/02\/Jahresrueckblick2024-4-768x768.jpg 768w, https:\/\/reikas-tanz.de\/wp-content\/uploads\/2025\/02\/Jahresrueckblick2024-4-24x24.jpg 24w, https:\/\/reikas-tanz.de\/wp-content\/uploads\/2025\/02\/Jahresrueckblick2024-4-36x36.jpg 36w, https:\/\/reikas-tanz.de\/wp-content\/uploads\/2025\/02\/Jahresrueckblick2024-4-48x48.jpg 48w, https:\/\/reikas-tanz.de\/wp-content\/uploads\/2025\/02\/Jahresrueckblick2024-4.jpg 1440w\" sizes=\"auto, (max-width: 1024px) 100vw, 1024px\" \/><\/figure>\n\n\n\n<figure class=\"wp-block-image size-large\"><img loading=\"lazy\" decoding=\"async\" width=\"1024\" height=\"1024\" data-id=\"689\" src=\"https:\/\/reikas-tanz.de\/wp-content\/uploads\/2025\/02\/Jahresrueckblick2024-5-1024x1024.jpg\" alt=\"\" class=\"wp-image-689\" srcset=\"https:\/\/reikas-tanz.de\/wp-content\/uploads\/2025\/02\/Jahresrueckblick2024-5-1024x1024.jpg 1024w, https:\/\/reikas-tanz.de\/wp-content\/uploads\/2025\/02\/Jahresrueckblick2024-5-300x300.jpg 300w, https:\/\/reikas-tanz.de\/wp-content\/uploads\/2025\/02\/Jahresrueckblick2024-5-150x150.jpg 150w, https:\/\/reikas-tanz.de\/wp-content\/uploads\/2025\/02\/Jahresrueckblick2024-5-768x768.jpg 768w, https:\/\/reikas-tanz.de\/wp-content\/uploads\/2025\/02\/Jahresrueckblick2024-5-24x24.jpg 24w, https:\/\/reikas-tanz.de\/wp-content\/uploads\/2025\/02\/Jahresrueckblick2024-5-36x36.jpg 36w, https:\/\/reikas-tanz.de\/wp-content\/uploads\/2025\/02\/Jahresrueckblick2024-5-48x48.jpg 48w, https:\/\/reikas-tanz.de\/wp-content\/uploads\/2025\/02\/Jahresrueckblick2024-5.jpg 1440w\" sizes=\"auto, (max-width: 1024px) 100vw, 1024px\" \/><\/figure>\n\n\n\n<figure class=\"wp-block-image size-large\"><img loading=\"lazy\" decoding=\"async\" width=\"1024\" height=\"1024\" data-id=\"690\" src=\"https:\/\/reikas-tanz.de\/wp-content\/uploads\/2025\/02\/Jahresrueckblick2024-6-1024x1024.jpg\" alt=\"\" class=\"wp-image-690\" srcset=\"https:\/\/reikas-tanz.de\/wp-content\/uploads\/2025\/02\/Jahresrueckblick2024-6-1024x1024.jpg 1024w, https:\/\/reikas-tanz.de\/wp-content\/uploads\/2025\/02\/Jahresrueckblick2024-6-300x300.jpg 300w, https:\/\/reikas-tanz.de\/wp-content\/uploads\/2025\/02\/Jahresrueckblick2024-6-150x150.jpg 150w, https:\/\/reikas-tanz.de\/wp-content\/uploads\/2025\/02\/Jahresrueckblick2024-6-768x768.jpg 768w, https:\/\/reikas-tanz.de\/wp-content\/uploads\/2025\/02\/Jahresrueckblick2024-6-24x24.jpg 24w, https:\/\/reikas-tanz.de\/wp-content\/uploads\/2025\/02\/Jahresrueckblick2024-6-36x36.jpg 36w, https:\/\/reikas-tanz.de\/wp-content\/uploads\/2025\/02\/Jahresrueckblick2024-6-48x48.jpg 48w, https:\/\/reikas-tanz.de\/wp-content\/uploads\/2025\/02\/Jahresrueckblick2024-6.jpg 1440w\" sizes=\"auto, (max-width: 1024px) 100vw, 1024px\" \/><\/figure>\n\n\n\n<figure class=\"wp-block-image size-large\"><img loading=\"lazy\" decoding=\"async\" width=\"1024\" height=\"1024\" data-id=\"691\" src=\"https:\/\/reikas-tanz.de\/wp-content\/uploads\/2025\/02\/Jahresrueckblick2024-7-1024x1024.jpg\" alt=\"\" class=\"wp-image-691\" srcset=\"https:\/\/reikas-tanz.de\/wp-content\/uploads\/2025\/02\/Jahresrueckblick2024-7-1024x1024.jpg 1024w, https:\/\/reikas-tanz.de\/wp-content\/uploads\/2025\/02\/Jahresrueckblick2024-7-300x300.jpg 300w, https:\/\/reikas-tanz.de\/wp-content\/uploads\/2025\/02\/Jahresrueckblick2024-7-150x150.jpg 150w, https:\/\/reikas-tanz.de\/wp-content\/uploads\/2025\/02\/Jahresrueckblick2024-7-768x768.jpg 768w, https:\/\/reikas-tanz.de\/wp-content\/uploads\/2025\/02\/Jahresrueckblick2024-7-24x24.jpg 24w, https:\/\/reikas-tanz.de\/wp-content\/uploads\/2025\/02\/Jahresrueckblick2024-7-36x36.jpg 36w, https:\/\/reikas-tanz.de\/wp-content\/uploads\/2025\/02\/Jahresrueckblick2024-7-48x48.jpg 48w, https:\/\/reikas-tanz.de\/wp-content\/uploads\/2025\/02\/Jahresrueckblick2024-7.jpg 1440w\" sizes=\"auto, (max-width: 1024px) 100vw, 1024px\" \/><\/figure>\n\n\n\n<figure class=\"wp-block-image size-large\"><img loading=\"lazy\" decoding=\"async\" width=\"1024\" height=\"1024\" data-id=\"692\" src=\"https:\/\/reikas-tanz.de\/wp-content\/uploads\/2025\/02\/Jahresrueckblick2024-8-1024x1024.jpg\" alt=\"\" class=\"wp-image-692\" srcset=\"https:\/\/reikas-tanz.de\/wp-content\/uploads\/2025\/02\/Jahresrueckblick2024-8-1024x1024.jpg 1024w, https:\/\/reikas-tanz.de\/wp-content\/uploads\/2025\/02\/Jahresrueckblick2024-8-300x300.jpg 300w, https:\/\/reikas-tanz.de\/wp-content\/uploads\/2025\/02\/Jahresrueckblick2024-8-150x150.jpg 150w, https:\/\/reikas-tanz.de\/wp-content\/uploads\/2025\/02\/Jahresrueckblick2024-8-768x768.jpg 768w, https:\/\/reikas-tanz.de\/wp-content\/uploads\/2025\/02\/Jahresrueckblick2024-8-24x24.jpg 24w, https:\/\/reikas-tanz.de\/wp-content\/uploads\/2025\/02\/Jahresrueckblick2024-8-36x36.jpg 36w, https:\/\/reikas-tanz.de\/wp-content\/uploads\/2025\/02\/Jahresrueckblick2024-8-48x48.jpg 48w, https:\/\/reikas-tanz.de\/wp-content\/uploads\/2025\/02\/Jahresrueckblick2024-8.jpg 1440w\" sizes=\"auto, (max-width: 1024px) 100vw, 1024px\" \/><\/figure>\n\n\n\n<figure class=\"wp-block-image size-large\"><img loading=\"lazy\" decoding=\"async\" width=\"1024\" height=\"1024\" data-id=\"693\" src=\"https:\/\/reikas-tanz.de\/wp-content\/uploads\/2025\/02\/Jahresrueckblick2024-9-1024x1024.jpg\" alt=\"\" class=\"wp-image-693\" srcset=\"https:\/\/reikas-tanz.de\/wp-content\/uploads\/2025\/02\/Jahresrueckblick2024-9-1024x1024.jpg 1024w, https:\/\/reikas-tanz.de\/wp-content\/uploads\/2025\/02\/Jahresrueckblick2024-9-300x300.jpg 300w, https:\/\/reikas-tanz.de\/wp-content\/uploads\/2025\/02\/Jahresrueckblick2024-9-150x150.jpg 150w, https:\/\/reikas-tanz.de\/wp-content\/uploads\/2025\/02\/Jahresrueckblick2024-9-768x768.jpg 768w, https:\/\/reikas-tanz.de\/wp-content\/uploads\/2025\/02\/Jahresrueckblick2024-9-24x24.jpg 24w, https:\/\/reikas-tanz.de\/wp-content\/uploads\/2025\/02\/Jahresrueckblick2024-9-36x36.jpg 36w, https:\/\/reikas-tanz.de\/wp-content\/uploads\/2025\/02\/Jahresrueckblick2024-9-48x48.jpg 48w, https:\/\/reikas-tanz.de\/wp-content\/uploads\/2025\/02\/Jahresrueckblick2024-9.jpg 1440w\" sizes=\"auto, (max-width: 1024px) 100vw, 1024px\" \/><\/figure>\n\n\n\n<figure class=\"wp-block-image size-large\"><img loading=\"lazy\" decoding=\"async\" width=\"1024\" height=\"1024\" data-id=\"684\" src=\"https:\/\/reikas-tanz.de\/wp-content\/uploads\/2025\/02\/Jahresrueckblick2024-10-1024x1024.jpg\" alt=\"\" class=\"wp-image-684\" srcset=\"https:\/\/reikas-tanz.de\/wp-content\/uploads\/2025\/02\/Jahresrueckblick2024-10-1024x1024.jpg 1024w, https:\/\/reikas-tanz.de\/wp-content\/uploads\/2025\/02\/Jahresrueckblick2024-10-300x300.jpg 300w, https:\/\/reikas-tanz.de\/wp-content\/uploads\/2025\/02\/Jahresrueckblick2024-10-150x150.jpg 150w, https:\/\/reikas-tanz.de\/wp-content\/uploads\/2025\/02\/Jahresrueckblick2024-10-768x768.jpg 768w, https:\/\/reikas-tanz.de\/wp-content\/uploads\/2025\/02\/Jahresrueckblick2024-10-24x24.jpg 24w, https:\/\/reikas-tanz.de\/wp-content\/uploads\/2025\/02\/Jahresrueckblick2024-10-36x36.jpg 36w, https:\/\/reikas-tanz.de\/wp-content\/uploads\/2025\/02\/Jahresrueckblick2024-10-48x48.jpg 48w, https:\/\/reikas-tanz.de\/wp-content\/uploads\/2025\/02\/Jahresrueckblick2024-10.jpg 1440w\" sizes=\"auto, (max-width: 1024px) 100vw, 1024px\" \/><\/figure>\n<\/figure>\n\n\n\n<p>Yours Reika<\/p>\n\n\n\n<div style=\"height:100px\" aria-hidden=\"true\" class=\"wp-block-spacer\"><\/div>","protected":false},"excerpt":{"rendered":"<p>Das Jahr 2024 ist vorbei &#8211; und es war so sch\u00f6n mit euch! Wir schwelgen noch ein bisschen in Erinnerung, w\u00e4hrend wir gl\u00fccklich dem kommenden Jahr entgegenblicken .Wir haben ein paar Fotos vom&nbsp;@festivalmediaval&nbsp;im letzten September gefunden &#8211; wie gefallen sie euch? \ud83d\udcf8&nbsp;@tribbrock&nbsp;von&nbsp;@celtcast&nbsp;&#8211; Danke! Die lieben Menschen von CeltCast sind auf den sch\u00f6nsten Folkfestivals und -veranstaltungen [&hellip;]<\/p>\n","protected":false},"author":1,"featured_media":694,"parent":331,"menu_order":0,"comment_status":"closed","ping_status":"closed","template":"","meta":{"_acf_changed":false,"footnotes":""},"class_list":["post-683","page","type-page","status-publish","has-post-thumbnail","hentry"],"acf":[],"mb":[],"mfb_rest_fields":["title"],"_links":{"self":[{"href":"https:\/\/reikas-tanz.de\/en\/wp-json\/wp\/v2\/pages\/683","targetHints":{"allow":["GET"]}}],"collection":[{"href":"https:\/\/reikas-tanz.de\/en\/wp-json\/wp\/v2\/pages"}],"about":[{"href":"https:\/\/reikas-tanz.de\/en\/wp-json\/wp\/v2\/types\/page"}],"author":[{"embeddable":true,"href":"https:\/\/reikas-tanz.de\/en\/wp-json\/wp\/v2\/users\/1"}],"replies":[{"embeddable":true,"href":"https:\/\/reikas-tanz.de\/en\/wp-json\/wp\/v2\/comments?post=683"}],"version-history":[{"count":1,"href":"https:\/\/reikas-tanz.de\/en\/wp-json\/wp\/v2\/pages\/683\/revisions"}],"predecessor-version":[{"id":695,"href":"https:\/\/reikas-tanz.de\/en\/wp-json\/wp\/v2\/pages\/683\/revisions\/695"}],"up":[{"embeddable":true,"href":"https:\/\/reikas-tanz.de\/en\/wp-json\/wp\/v2\/pages\/331"}],"wp:featuredmedia":[{"embeddable":true,"href":"https:\/\/reikas-tanz.de\/en\/wp-json\/wp\/v2\/media\/694"}],"wp:attachment":[{"href":"https:\/\/reikas-tanz.de\/en\/wp-json\/wp\/v2\/media?parent=683"}],"curies":[{"name":"wp","href":"https:\/\/api.w.org\/{rel}","templated":true}]}}